{"id":21,"date":"2025-06-14T06:17:58","date_gmt":"2025-06-14T06:17:58","guid":{"rendered":"https:\/\/germinale.art\/2024\/?page_id=21"},"modified":"2025-09-11T09:44:22","modified_gmt":"2025-09-11T09:44:22","slug":"germinal","status":"publish","type":"page","link":"https:\/\/germinale.art\/2024\/","title":{"rendered":"Germinal"},"content":{"rendered":"\t\t<div data-elementor-type=\"wp-page\" data-elementor-id=\"21\" class=\"elementor elementor-21\">\n\t\t\t\t<div class=\"elementor-element elementor-element-4d4b89c e-con-full e-flex e-con e-parent\" data-id=\"4d4b89c\" data-element_type=\"container\">\n\t\t\t\t<div class=\"elementor-element elementor-element-e92818b elementor-widget elementor-widget-video\" data-id=\"e92818b\" data-element_type=\"widget\" id=\"myCustomVideo\" data-settings=\"{&quot;video_type&quot;:&quot;hosted&quot;,&quot;autoplay&quot;:&quot;yes&quot;,&quot;loop&quot;:&quot;yes&quot;,&quot;mute&quot;:&quot;yes&quot;}\" data-widget_type=\"video.default\">\n\t\t\t\t<div class=\"elementor-widget-container\">\n\t\t\t\t\t\t\t<div class=\"e-hosted-video elementor-wrapper elementor-open-inline\">\n\t\t\t\t\t<video class=\"elementor-video\" src=\"https:\/\/germinale.art\/2024\/wp-content\/uploads\/2025\/06\/file.mp4\" autoplay=\"\" loop=\"\" muted=\"muted\" controlsList=\"nodownload\"><\/video>\n\t\t\t\t<\/div>\n\t\t\t\t\t\t<\/div>\n\t\t\t\t<\/div>\n\t\t\t\t<\/div>\n\t\t<div class=\"elementor-element elementor-element-b4666fb e-con-full e-flex e-con e-parent\" data-id=\"b4666fb\" data-element_type=\"container\" data-settings=\"{&quot;background_background&quot;:&quot;classic&quot;}\">\n\t\t\t\t<\/div>\n\t\t<div class=\"elementor-element elementor-element-c0bcbca e-con-full e-flex e-con e-parent\" data-id=\"c0bcbca\" data-element_type=\"container\">\n\t\t<div class=\"elementor-element elementor-element-3cb8f07 e-con-full e-flex e-con e-child\" data-id=\"3cb8f07\" data-element_type=\"container\" data-settings=\"{&quot;background_background&quot;:&quot;classic&quot;}\">\n\t\t<div class=\"elementor-element elementor-element-30d1442 e-con-full text-style-left-right e-flex e-con e-child\" data-id=\"30d1442\" data-element_type=\"container\">\n\t\t\t\t<div class=\"elementor-element elementor-element-f5622b1 elementor-widget elementor-widget-heading\" data-id=\"f5622b1\" data-element_type=\"widget\" data-widget_type=\"heading.default\">\n\t\t\t\t<div class=\"elementor-widget-container\">\n\t\t\t\t\t<h2 class=\"elementor-heading-title elementor-size-default\">\nGERMINALE<\/h2>\t\t\t\t<\/div>\n\t\t\t\t<\/div>\n\t\t\t\t<div class=\"elementor-element elementor-element-fa4f62f elementor-widget elementor-widget-heading\" data-id=\"fa4f62f\" data-element_type=\"widget\" data-widget_type=\"heading.default\">\n\t\t\t\t<div class=\"elementor-widget-container\">\n\t\t\t\t\t<h2 class=\"elementor-heading-title elementor-size-default\">Monferrato Art Fest<\/h2>\t\t\t\t<\/div>\n\t\t\t\t<\/div>\n\t\t\t\t<div class=\"elementor-element elementor-element-c6cdc38 elementor-widget elementor-widget-text-editor\" data-id=\"c6cdc38\" data-element_type=\"widget\" data-widget_type=\"text-editor.default\">\n\t\t\t\t<div class=\"elementor-widget-container\">\n\t\t\t\t\t\t\t\t\t<p class=\"font_8 wixui-rich-text__text\"><span class=\"wixui-rich-text__text\">GERMINALE \u2013 Monferrato Art Fest \u00e8 una rassegna annuale di Arte Contemporanea itinerante e diffusa che si svolge tra le colline del Basso Monferrato dal 6 al 29 settembre.<\/span><\/p><p class=\"font_8 wixui-rich-text__text\"><span class=\"wixui-rich-text__text\">Scopo dell\u2019iniziativa \u00e8 la valorizzazione del territorio e del paesaggio come la promozione e il sostegno dell\u2019arte contemporanea, attraverso mostre, residenze o sculture e installazioni open air, accompagnate da incontri, talk, iniziative divulgative e laboratori didattici realizzati nei vari comuni.<\/span><\/p><p class=\"font_8 wixui-rich-text__text\"><span class=\"wixui-rich-text__text\">GERMINALE trova le basi della sua nascita a inizio 2023, quando a Rinco di Montiglio la Quasi Fondazione Carlo Gloria APS, con progressiva forza centripeta, ha iniziato a radunare attorno a s\u00e9 artisti, professionisti e appassionati del settore legati a questo luogo da un particolare legame personale o affettivo.<\/span><\/p>\t\t\t\t\t\t\t\t<\/div>\n\t\t\t\t<\/div>\n\t\t\t\t<\/div>\n\t\t\t\t<\/div>\n\t\t<div class=\"elementor-element elementor-element-55ddc15 e-con-full e-flex e-con e-child\" data-id=\"55ddc15\" data-element_type=\"container\" data-settings=\"{&quot;background_background&quot;:&quot;classic&quot;}\">\n\t\t\t\t<\/div>\n\t\t\t\t<\/div>\n\t\t<div class=\"elementor-element elementor-element-c0699e8 e-con-full e-flex e-con e-parent\" data-id=\"c0699e8\" data-element_type=\"container\">\n\t\t<div class=\"elementor-element elementor-element-4440070 e-con-full e-flex e-con e-child\" data-id=\"4440070\" data-element_type=\"container\" data-settings=\"{&quot;background_background&quot;:&quot;classic&quot;}\">\n\t\t\t\t<\/div>\n\t\t<div class=\"elementor-element elementor-element-89064ee e-con-full e-flex e-con e-child\" data-id=\"89064ee\" data-element_type=\"container\" data-settings=\"{&quot;background_background&quot;:&quot;classic&quot;}\">\n\t\t<div class=\"elementor-element elementor-element-be9b01c e-con-full text-style-left-right e-flex e-con e-child\" data-id=\"be9b01c\" data-element_type=\"container\">\n\t\t\t\t<div class=\"elementor-element elementor-element-5f4c771 elementor-widget elementor-widget-text-editor\" data-id=\"5f4c771\" data-element_type=\"widget\" data-widget_type=\"text-editor.default\">\n\t\t\t\t<div class=\"elementor-widget-container\">\n\t\t\t\t\t\t\t\t\t<div id=\"bgLayers_comp-lxna3s4k\" class=\"MW5IWV\" data-hook=\"bgLayers\" data-motion-part=\"BG_LAYER comp-lxna3s4k\"><div id=\"bgMedia_comp-lxna3s4k\" class=\"VgO9Yg\" data-motion-part=\"BG_MEDIA comp-lxna3s4k\"><p class=\"font_8 wixui-rich-text__text\"><span class=\"wixui-rich-text__text\">L\u2019evento riprende il nome del settimo mese del calendario rivoluzionario francese, termine a sua volta tratto dal latino germinalis (da germen, &#8220;germoglio&#8221;), con il significato di &#8220;mese in cui germogliano le piante&#8221;.<\/span><\/p><p class=\"font_8 wixui-rich-text__text\"><span class=\"wixui-rich-text__text\">Germinale reca nel suo nome l\u2019idea di rinascita, di germogli e di nuove foglie, che in questo caso diventa metafora pi\u00f9 estesa di una rifioritura culturale dei luoghi attraverso i vari linguaggi espressivi dell\u2019arte contemporanea.<\/span><\/p><p class=\"font_8 wixui-rich-text__text\"><span class=\"wixui-rich-text__text\">L\u2019obiettivo \u00e8 di promuovere e valorizzare il territorio, attraverso un\u2019esposizione diffusa e varie attivit\u00e0 collaterali in luoghi particolari e di eccezione che costellano le colline, i borghi e i paesi del Basso Monferrato.<\/span><\/p><p class=\"font_8 wixui-rich-text__text\"><span class=\"wixui-rich-text__text\">Chiese sconsacrate, Castelli e altre costruzioni di pregio storico-architettonico costituiscono lo scenario perfetto in cui ambientare opere d\u2019arte, offrendo nuove e attuali interpretazioni di questi luoghi, finalizzate alla conoscenza, tutela e valorizzazione integrata del sito e dei suoi valori.\u00a0<\/span><\/p><p class=\"font_8 wixui-rich-text__text\"><span class=\"wixui-rich-text__text\">Questa prima edizione coinvolge in tutto dodici comuni del Basso Monferrato e 14 location espositive che ospiteranno mostre, residenze d\u2019arte e installazioni site-specific.\u00a0<\/span><\/p><\/div><\/div>\t\t\t\t\t\t\t\t<\/div>\n\t\t\t\t<\/div>\n\t\t\t\t<\/div>\n\t\t\t\t<\/div>\n\t\t\t\t<\/div>\n\t\t<div class=\"elementor-element elementor-element-547dbde e-con-full e-flex e-con e-parent\" data-id=\"547dbde\" data-element_type=\"container\" data-settings=\"{&quot;background_background&quot;:&quot;classic&quot;}\">\n\t\t\t\t<\/div>\n\t\t<div class=\"elementor-element elementor-element-18d99a6 e-con-full e-flex e-con e-parent\" data-id=\"18d99a6\" data-element_type=\"container\">\n\t\t<div class=\"elementor-element elementor-element-58de91d e-con-full e-flex e-con e-child\" data-id=\"58de91d\" data-element_type=\"container\" data-settings=\"{&quot;background_background&quot;:&quot;classic&quot;}\">\n\t\t<div class=\"elementor-element elementor-element-a1d4842 e-con-full text-style-left-right e-flex e-con e-child\" data-id=\"a1d4842\" data-element_type=\"container\">\n\t\t\t\t<div class=\"elementor-element elementor-element-36beb6e elementor-widget elementor-widget-heading\" data-id=\"36beb6e\" data-element_type=\"widget\" data-widget_type=\"heading.default\">\n\t\t\t\t<div class=\"elementor-widget-container\">\n\t\t\t\t\t<h2 class=\"elementor-heading-title elementor-size-default\">Germinale \u00e8<\/h2>\t\t\t\t<\/div>\n\t\t\t\t<\/div>\n\t\t\t\t<div class=\"elementor-element elementor-element-a4875f0 elementor-widget elementor-widget-text-editor\" data-id=\"a4875f0\" data-element_type=\"widget\" data-widget_type=\"text-editor.default\">\n\t\t\t\t<div class=\"elementor-widget-container\">\n\t\t\t\t\t\t\t\t\t<ul class=\"font_8 wixui-rich-text__text\"><li class=\"wixui-rich-text__text\"><p class=\"font_8 wixui-rich-text__text\"><span class=\"wixui-rich-text__text\">ESPOSIZIONE DIFFUSA.\u00a0Una grande mostra diffusa in pi\u00f9 luoghi, in cui espongono artisti affermati e mid-career. Le opere e i progetti espositivi sono collocati in luoghi selezionati e particolari, invitando cos\u00ec i visitatori a scoprire attraverso l\u2019arte spazi suggestivi e realt\u00e0 peculiari di questo variegato territorio.<\/span><span class=\"wixui-rich-text__text\">\u00a0<\/span><\/p><\/li><\/ul><p class=\"font_8 wixui-rich-text__text\">\u200b \u00a0 \u00a0 \u00a0<span class=\"wixui-rich-text__text\">Scopri\u00a0<span class=\"color_36 wixui-rich-text__text\" style=\"color: #ff6600;\"><a class=\"wixui-rich-text__text\" style=\"color: #ff6600;\" href=\"https:\/\/www.germinale.art\/luoghi\" target=\"_self\">qui<\/a><\/span>\u00a0i progetti e le opere e le \u00a0 \u00a0 \u00a0 \u00a0 \u00a0 \u00a0 location<\/span><\/p><p class=\"font_8 wixui-rich-text__text\"><span class=\"wixui-rich-text__text\">\u200b\u200b<\/span><\/p><ul class=\"font_8 wixui-rich-text__text\"><li class=\"wixui-rich-text__text\"><p class=\"font_8 wixui-rich-text__text\"><span class=\"wixui-rich-text__text\">RESIDENZE D\u2019ARTE.\u00a0Non solo mostre e progetti espositivi ma Residenze d\u2019Arte. Artisti giovani e affermati sono coinvolti in Germinale attraverso un progetto di Residenze d\u2019Arte: il pubblico potr\u00e0 visitare gli studi e gli atelier con la possibilit\u00e0 di incontrare gli artisti e conoscerli di persona per tutta la durata dell\u2019evento.<\/span><\/p><\/li><\/ul><p class=\"font_8 wixui-rich-text__text\"><span class=\"wixui-rich-text__text\">\u200b\u200b<\/span><\/p><ul class=\"font_8 wixui-rich-text__text\"><li class=\"wixui-rich-text__text\"><p class=\"font_8 wixui-rich-text__text\"><span class=\"wixui-rich-text__text\">PRODUZIONE SITE-SPECIFIC PERMANENTE.\u00a0Uno degli scopi di Germinale \u00e8 la produzione di almeno un&#8217;opera per ogni edizione che possa rimanere in modo permanente sul territorio, arricchendone cos\u00ec gradualmente sia il paesaggio culturale che il patrimonio artistico contemporaneo. Per questa prima edizione sar\u00e0 la Cantina Sette Colli di Moncalvo il luogo in cui Germinale lascer\u00e0 la sua traccia: qui il fabbricato del Peso sar\u00e0 oggetto di un intervento murale che lo trasformer\u00e0 a tutti gli effetti in un monumento. L\u2019artista che dovr\u00e0 realizzare l\u2019intervento \u00e8 stato selezionato attraverso apposito bando.<\/span><\/p><\/li><\/ul><p class=\"font_8 wixui-rich-text__text\"><span class=\"wixui-rich-text__text\">\u200b\u200b<\/span><\/p><ul class=\"font_8 wixui-rich-text__text\"><li class=\"wixui-rich-text__text\"><p class=\"font_8 wixui-rich-text__text\"><span class=\"wixui-rich-text__text\">LIVE PROGRAM.\u00a0Sono previsti talk e incontri di natura divulgativa in cui artisti e curatori racconteranno le opere, le mostre e il progetto, come anche laboratori didattici e workshop che arricchiranno l\u2019offerta espositiva. Per conoscere il calendario delle attivit\u00e0 consulta qui il programma.<\/span><\/p><\/li><\/ul><p class=\"font_8 wixui-rich-text__text\"><span class=\"wixui-rich-text__text\">\u200b\u200b<\/span><\/p><ul class=\"font_8 wixui-rich-text__text\"><li class=\"wixui-rich-text__text\"><p class=\"font_8 wixui-rich-text__text\"><span class=\"wixui-rich-text__text\">MAPPA LOCATION.\u00a0Per pianificare al meglio l\u2019itinerario di visita \u00e8 possibile consultare qui la mappa dei luoghi direttamente su google maps.<\/span><\/p><\/li><\/ul>\t\t\t\t\t\t\t\t<\/div>\n\t\t\t\t<\/div>\n\t\t\t\t<\/div>\n\t\t\t\t<\/div>\n\t\t<div class=\"elementor-element elementor-element-b308960 e-con-full e-flex e-con e-child\" data-id=\"b308960\" data-element_type=\"container\" data-settings=\"{&quot;background_background&quot;:&quot;classic&quot;}\">\n\t\t\t\t<\/div>\n\t\t\t\t<\/div>\n\t\t<div class=\"elementor-element elementor-element-899a569 e-con-full e-flex e-con e-parent\" data-id=\"899a569\" data-element_type=\"container\">\n\t\t<div class=\"elementor-element elementor-element-257c290 e-con-full e-flex e-con e-child\" data-id=\"257c290\" data-element_type=\"container\" data-settings=\"{&quot;background_background&quot;:&quot;classic&quot;}\">\n\t\t\t\t<\/div>\n\t\t<div class=\"elementor-element elementor-element-29695f0 e-con-full e-flex e-con e-child\" data-id=\"29695f0\" data-element_type=\"container\" data-settings=\"{&quot;background_background&quot;:&quot;classic&quot;}\">\n\t\t<div class=\"elementor-element elementor-element-51a1777 e-con-full text-style-left-right e-flex e-con e-child\" data-id=\"51a1777\" data-element_type=\"container\">\n\t\t\t\t<div class=\"elementor-element elementor-element-d11b59b elementor-widget elementor-widget-text-editor\" data-id=\"d11b59b\" data-element_type=\"widget\" data-widget_type=\"text-editor.default\">\n\t\t\t\t<div class=\"elementor-widget-container\">\n\t\t\t\t\t\t\t\t\t<div id=\"bgLayers_comp-lxna3s4k\" class=\"MW5IWV\" data-hook=\"bgLayers\" data-motion-part=\"BG_LAYER comp-lxna3s4k\"><div id=\"bgMedia_comp-lxna3s4k\" class=\"VgO9Yg\" data-motion-part=\"BG_MEDIA comp-lxna3s4k\"><div id=\"bgLayers_comp-lxn5gyqn\" class=\"MW5IWV\" data-hook=\"bgLayers\" data-motion-part=\"BG_LAYER comp-lxn5gyqn\"><div id=\"bgMedia_comp-lxn5gyqn\" class=\"VgO9Yg\" data-motion-part=\"BG_MEDIA comp-lxn5gyqn\"><p class=\"font_8 wixui-rich-text__text\"><span class=\"wixui-rich-text__text\">\u0400 stata spontanea la germinazione, in un territorio fertile sotto tutti i punti di vista e parte del patrimonio UNESCO, di un progetto dedicato all\u2019arte contemporanea diffuso e dinamico. La volont\u00e0 \u00e8 di proseguire nel tempo, coinvolgendo attivamente i luoghi limitrofi e contribuire cos\u00ec alla crescita e allo sviluppo delle immense potenzialit\u00e0 del circostante paesaggio naturale e culturale.\u00a0<\/span><\/p><p class=\"font_8 wixui-rich-text__text\"><span class=\"wixui-rich-text__text\">Il progetto nasce e si sviluppa in un&#8217;ottica di costante ricerca e riscoperta di luoghi, riletti attraverso le varie e molteplici espressioni dell\u2019arte contemporanea in una nuova prospettiva, utile a raccontarne il presente e a tramandarne la storia passata.<\/span><\/p><\/div><\/div><\/div><\/div>\t\t\t\t\t\t\t\t<\/div>\n\t\t\t\t<\/div>\n\t\t\t\t<\/div>\n\t\t\t\t<\/div>\n\t\t\t\t<\/div>\n\t\t<div class=\"elementor-element elementor-element-4457c078 e-flex e-con-boxed e-con e-parent\" data-id=\"4457c078\" data-element_type=\"container\" data-settings=\"{&quot;background_background&quot;:&quot;classic&quot;}\">\n\t\t\t\t\t<div class=\"e-con-inner\">\n\t\t<div class=\"elementor-element elementor-element-77c81d57 e-con-full e-flex e-con e-child\" data-id=\"77c81d57\" data-element_type=\"container\">\n\t\t\t\t<div class=\"elementor-element elementor-element-46d598e6 elementor-widget__width-inherit elementor-widget elementor-widget-multi_location_map_js\" data-id=\"46d598e6\" data-element_type=\"widget\" data-widget_type=\"multi_location_map_js.default\">\n\t\t\t\t<div class=\"elementor-widget-container\">\n\t\t\t\t\t        <div id=\"multi_map\" style=\"width: 100%; height: 550px;\"><\/div>\n\n        <script>\n        function initMap() {\n            const map = new google.maps.Map(document.getElementById('multi_map'), {\n                zoom: 18,\n                center: { lat: 0, lng: 0 },\n                disableDefaultUI: true,\n            });\n\n            const bounds = new google.maps.LatLngBounds();\n            const locations = [{\"_id\":\"0129256\",\"location_title\":\"Ex-Farmacia - Spazio Culturale \\u2022 COCCONATO (AT)\",\"location_address\":\"Via Roma 39, Cocconato (AT)\",\"location_lat\":\"45.0412\",\"location_lng\":\"8.0660\",\"location_icon\":{\"url\":\"https:\\\/\\\/germinale.art\\\/wp-content\\\/uploads\\\/2025\\\/07\\\/32_optimized.png\",\"id\":\"\",\"size\":\"\"}},{\"_id\":\"9e3fd1f\",\"location_title\":\"QOQQO Atelier \\u2022 COCCONATO (AT)\",\"location_address\":\"Via Roma 33, Cocconato (AT)\",\"location_lat\":\"45.08333\",\"location_lng\":\"8.03333\",\"location_icon\":{\"url\":\"https:\\\/\\\/germinale.art\\\/wp-content\\\/uploads\\\/2025\\\/07\\\/32_optimized.png\",\"id\":\"\",\"size\":\"\"}},{\"_id\":\"c121f4b\",\"location_title\":\"Ex Cinema - Ass. Fr\\u00e0 Guglielmo Massaia \\u2022 PIOVA' MASSAIA (AT)\",\"location_address\":\"P.zza Don Borio n. 1, Piov\\u00e0 Massaia (AT)\",\"location_lat\":\"45.05413\",\"location_lng\":\"8.05321\",\"location_icon\":{\"url\":\"https:\\\/\\\/germinale.art\\\/wp-content\\\/uploads\\\/2025\\\/07\\\/32_optimized.png\",\"id\":\"\",\"size\":\"\"}},{\"_id\":\"92b8cd9\",\"location_title\":\"Pieve Romanica di San Lorenzo \\u2022 MONTIGLIO MONFERRATO (AT)\",\"location_address\":\"Via Padre Carpignano 30, Montiglio Monferrato (AT)\",\"location_lat\":\"45.0660\\u00b0 N\",\"location_lng\":\"8.0990\\u00b0 E\",\"location_icon\":{\"url\":\"https:\\\/\\\/germinale.art\\\/wp-content\\\/uploads\\\/2025\\\/07\\\/32_optimized.png\",\"id\":\"\",\"size\":\"\"}},{\"_id\":\"7e54b25\",\"location_title\":\"Chiesa S. Michele \\u2022 MURISENGO (AL)\",\"location_address\":\"Via Sotto Castello, Murisengo (AL)\",\"location_lat\":\"45.0816\\u00b0 N\",\"location_lng\":\"8.1372\\u00b0 E\",\"location_icon\":{\"url\":\"https:\\\/\\\/germinale.art\\\/wp-content\\\/uploads\\\/2025\\\/07\\\/32_optimized.png\",\"id\":\"\",\"size\":\"\"}},{\"_id\":\"ce76d04\",\"location_title\":\"Ex Chiesa di San Remigio \\u2022 VILLADEATI (AL)\",\"location_address\":\"Via San Remigio 2, Villadeati (AL)\",\"location_lat\":\"45.07225\\u00b0 N\",\"location_lng\":\"8.16793\\u00b0 E\",\"location_icon\":{\"url\":\"https:\\\/\\\/germinale.art\\\/wp-content\\\/uploads\\\/2025\\\/07\\\/32_optimized.png\",\"id\":\"\",\"size\":\"\"}},{\"_id\":\"93db944\",\"location_title\":\"Quasi Fondazione Carlo Gloria - Rinco\",\"location_address\":\"Via Roma 1, Rinco Montiglio (AT)\",\"location_lat\":\"45.03324\\u00b0 N\",\"location_lng\":\"8.141705\\u00b0 E\",\"location_icon\":{\"url\":\"https:\\\/\\\/germinale.art\\\/wp-content\\\/uploads\\\/2025\\\/07\\\/32_optimized.png\",\"id\":\"\",\"size\":\"\"}},{\"_id\":\"bae953c\",\"location_title\":\"Ex Chiesa di Sant\\u2019Agata \\u2022 ALFIANO NATTA (AL)\",\"location_address\":\"Via Umberto I\\u00b0 snc, Alfiano Natta (AL)\",\"location_lat\":\"45.0476\\u00b0 N\",\"location_lng\":\"8.2083\\u00b0 E\",\"location_icon\":{\"url\":\"https:\\\/\\\/germinale.art\\\/wp-content\\\/uploads\\\/2025\\\/07\\\/32_optimized.png\",\"id\":\"\",\"size\":\"\"}},{\"_id\":\"fd7aa1a\",\"location_title\":\"Cantina Sette Colli \\u2022 MONCALVO (AT)\",\"location_address\":\"Strada Casale 7, Moncalvo (AT)\",\"location_lat\":\"45.05200\\u00b0 N\",\"location_lng\":\"8.27026\\u00b0 E\",\"location_icon\":{\"url\":\"https:\\\/\\\/germinale.art\\\/wp-content\\\/uploads\\\/2025\\\/07\\\/32_optimized.png\",\"id\":\"\",\"size\":\"\"}},{\"_id\":\"5489ea2\",\"location_title\":\"Tenuta e Castello di Razzano - Museo del Vino \\u2022 ALFIANO NATTA (AL)\",\"location_address\":\"Strada Gessi 2, Alfiano Natta (AL)\",\"location_lat\":\"45.0500\\u00b0 N\",\"location_lng\":\"8.2000\\u00b0 E\",\"location_icon\":{\"url\":\"https:\\\/\\\/germinale.art\\\/wp-content\\\/uploads\\\/2025\\\/07\\\/32_optimized.png\",\"id\":\"\",\"size\":\"\"}},{\"_id\":\"6beeb38\",\"location_title\":\"Chiesa di Villa Toso \\u2022 TONCO (AT)\",\"location_address\":\"Via G. Toso 17, Tonco (AT)\",\"location_lat\":\"45.0238\\u00b0 N\",\"location_lng\":\"8.18916\\u00b0 E\",\"location_icon\":{\"url\":\"https:\\\/\\\/germinale.art\\\/wp-content\\\/uploads\\\/2025\\\/07\\\/32_optimized.png\",\"id\":\"\",\"size\":\"\"}},{\"_id\":\"c02b85f\",\"location_title\":\"La Casa dell\\u2019Architetto \\u2022 FRINCO (AT)\",\"location_address\":\"Localit\\u00e0 Bellaria 3 - 14030 Frinco (AT)\",\"location_lat\":\"45.0050\\u00b0 N\",\"location_lng\":\"8.1731\\u00b0 E\",\"location_icon\":{\"url\":\"https:\\\/\\\/germinale.art\\\/wp-content\\\/uploads\\\/2025\\\/07\\\/32_optimized.png\",\"id\":\"\",\"size\":\"\"}},{\"_id\":\"aae3560\",\"location_title\":\"Chiesa SS. Annunziata \\u2022 CALLIANO MONFERRATO (AL)\",\"location_address\":\"Via Roma s.n., Calliano Monferrato (AL)\",\"location_lat\":\"45.0095\\u00b0 N\",\"location_lng\":\"8.2558\\u00b0 E\",\"location_icon\":{\"url\":\"https:\\\/\\\/germinale.art\\\/wp-content\\\/uploads\\\/2025\\\/07\\\/32_optimized.png\",\"id\":\"\",\"size\":\"\"}},{\"_id\":\"3fe2d6a\",\"location_title\":\"Prediomagno \\u2022 GRANA MONFERRATO (AT)\",\"location_address\":\"Via Professor Garrone 43, Grana Monferrato (AT)\",\"location_lat\":\"44.99835\\u00b0 N\",\"location_lng\":\"8.29944\\u00b0 E\",\"location_icon\":{\"url\":\"https:\\\/\\\/germinale.art\\\/wp-content\\\/uploads\\\/2025\\\/07\\\/32_optimized.png\",\"id\":\"\",\"size\":\"\"}},{\"_id\":\"d59c1c8\",\"location_title\":\"Casa dell\\u2019Artista \\u2022 PORTACOMARO (AT)\",\"location_address\":\"Piazza Boe 3, Portacomaro (AT)\",\"location_lat\":\"44.9574\\u00b0 N\",\"location_lng\":\"8.2581\\u00b0 E\",\"location_icon\":{\"url\":\"https:\\\/\\\/germinale.art\\\/wp-content\\\/uploads\\\/2025\\\/07\\\/32_optimized.png\",\"id\":\"\",\"size\":\"\"}},{\"_id\":\"c717d25\",\"location_title\":\"Chiesa di San Pietro \\u2022 PORTACOMARO (AT)\",\"location_address\":\"Via Roma 39, Cocconato (AT)\",\"location_lat\":\"45.0425\\u00b0 N\",\"location_lng\":\"8.0589\\u00b0 E\",\"location_icon\":{\"url\":\"https:\\\/\\\/germinale.art\\\/wp-content\\\/uploads\\\/2025\\\/07\\\/32_optimized.png\",\"id\":\"\",\"size\":\"\"}}];\n\n            \/\/ One reusable InfoWindow\n            const infoWindow = new google.maps.InfoWindow();\n\n            locations.forEach(({ location_title, location_address, location_icon, location_lat, location_lng }) => {\n                if (!location_lat || !location_lng) {\n                    console.warn(\"Skipping location without lat\/lng:\", location_title || location_address);\n                    return;\n                }\n\n                const position = { lat: parseFloat(location_lat), lng: parseFloat(location_lng) };\n\n                const marker = new google.maps.Marker({\n                    map: map,\n                    position: position,\n                    icon: location_icon.url\n                });\n\n                marker.addListener('click', function () {\n                    infoWindow.setContent(`\n                        <div style=\"font-size:14px;\">\n                            <strong>${location_title || location_address}<\/strong><br>\n                            ${location_address}\n                        <\/div>\n                    `);\n                    infoWindow.open(map, marker);\n                });\n\n                bounds.extend(position);\n                map.fitBounds(bounds);\n            });\n        }\n        <\/script>\n        <script async defer src=\"https:\/\/maps.googleapis.com\/maps\/api\/js?key=AIzaSyCgv2rVebMyh69dwA19gVa7NgJaFO1nZiA&callback=initMap\"><\/script>\n        \t\t\t\t<\/div>\n\t\t\t\t<\/div>\n\t\t\t\t<\/div>\n\t\t\t\t\t<\/div>\n\t\t\t\t<\/div>\n\t\t<div class=\"elementor-element elementor-element-f1864a9 e-con-full e-flex e-con e-parent\" data-id=\"f1864a9\" data-element_type=\"container\" data-settings=\"{&quot;background_background&quot;:&quot;classic&quot;}\">\n\t\t\t\t<div class=\"elementor-element elementor-element-c81dda5 elementor-widget elementor-widget-image\" data-id=\"c81dda5\" data-element_type=\"widget\" data-widget_type=\"image.default\">\n\t\t\t\t<div class=\"elementor-widget-container\">\n\t\t\t\t\t\t\t\t\t\t\t\t\t\t\t<img fetchpriority=\"high\" decoding=\"async\" width=\"1024\" height=\"759\" src=\"https:\/\/i0.wp.com\/germinale.art\/2024\/wp-content\/uploads\/2025\/07\/home-7-2048x1517-1.webp?fit=1024%2C759&amp;ssl=1\" class=\"attachment-large size-large wp-image-2825\" alt=\"\" srcset=\"https:\/\/i0.wp.com\/germinale.art\/2024\/wp-content\/uploads\/2025\/07\/home-7-2048x1517-1.webp?w=2048&amp;ssl=1 2048w, https:\/\/i0.wp.com\/germinale.art\/2024\/wp-content\/uploads\/2025\/07\/home-7-2048x1517-1.webp?resize=300%2C222&amp;ssl=1 300w, https:\/\/i0.wp.com\/germinale.art\/2024\/wp-content\/uploads\/2025\/07\/home-7-2048x1517-1.webp?resize=1024%2C759&amp;ssl=1 1024w, https:\/\/i0.wp.com\/germinale.art\/2024\/wp-content\/uploads\/2025\/07\/home-7-2048x1517-1.webp?resize=768%2C569&amp;ssl=1 768w, https:\/\/i0.wp.com\/germinale.art\/2024\/wp-content\/uploads\/2025\/07\/home-7-2048x1517-1.webp?resize=1536%2C1138&amp;ssl=1 1536w\" sizes=\"(max-width: 1000px) 100vw, 1000px\" \/>\t\t\t\t\t\t\t\t\t\t\t\t\t\t\t<\/div>\n\t\t\t\t<\/div>\n\t\t\t\t<\/div>\n\t\t\t\t<\/div>\n\t\t","protected":false},"excerpt":{"rendered":"<p>https:\/\/germinale.art\/2024\/wp-content\/uploads\/2025\/06\/file.mp4 GERMINALE Monferrato Art Fest GERMINALE \u2013 Monferrato Art Fest \u00e8 una rassegna annuale di Arte Contemporanea itinerante e diffusa [&hellip;]<\/p>\n","protected":false},"author":1,"featured_media":0,"parent":0,"menu_order":0,"comment_status":"closed","ping_status":"closed","template":"","meta":{"site-sidebar-layout":"no-sidebar","site-content-layout":"","ast-site-content-layout":"full-width-container","site-content-style":"default","site-sidebar-style":"default","ast-global-header-display":"","ast-banner-title-visibility":"","ast-main-header-display":"","ast-hfb-above-header-display":"","ast-hfb-below-header-display":"","ast-hfb-mobile-header-display":"","site-post-title":"disabled","ast-breadcrumbs-content":"","ast-featured-img":"disabled","footer-sml-layout":"","theme-transparent-header-meta":"","adv-header-id-meta":"","stick-header-meta":"","header-above-stick-meta":"","header-main-stick-meta":"","header-below-stick-meta":"","astra-migrate-meta-layouts":"default","ast-page-background-enabled":"default","ast-page-background-meta":{"desktop":{"background-color":"var(--ast-global-color-5)","background-image":"","background-repeat":"repeat","background-position":"center center","background-size":"auto","background-attachment":"scroll","background-type":"","background-media":"","overlay-type":"","overlay-color":"","overlay-opacity":"","overlay-gradient":""},"tablet":{"background-color":"","background-image":"","background-repeat":"repeat","background-position":"center center","background-size":"auto","background-attachment":"scroll","background-type":"","background-media":"","overlay-type":"","overlay-color":"","overlay-opacity":"","overlay-gradient":""},"mobile":{"background-color":"","background-image":"","background-repeat":"repeat","background-position":"center center","background-size":"auto","background-attachment":"scroll","background-type":"","background-media":"","overlay-type":"","overlay-color":"","overlay-opacity":"","overlay-gradient":""}},"ast-content-background-meta":{"desktop":{"background-color":"var(--ast-global-color-4)","background-image":"","background-repeat":"repeat","background-position":"center center","background-size":"auto","background-attachment":"scroll","background-type":"","background-media":"","overlay-type":"","overlay-color":"","overlay-opacity":"","overlay-gradient":""},"tablet":{"background-color":"var(--ast-global-color-4)","background-image":"","background-repeat":"repeat","background-position":"center center","background-size":"auto","background-attachment":"scroll","background-type":"","background-media":"","overlay-type":"","overlay-color":"","overlay-opacity":"","overlay-gradient":""},"mobile":{"background-color":"var(--ast-global-color-4)","background-image":"","background-repeat":"repeat","background-position":"center center","background-size":"auto","background-attachment":"scroll","background-type":"","background-media":"","overlay-type":"","overlay-color":"","overlay-opacity":"","overlay-gradient":""}},"footnotes":""},"class_list":["post-21","page","type-page","status-publish","hentry"],"jetpack_sharing_enabled":true,"_links":{"self":[{"href":"https:\/\/germinale.art\/2024\/wp-json\/wp\/v2\/pages\/21","targetHints":{"allow":["GET"]}}],"collection":[{"href":"https:\/\/germinale.art\/2024\/wp-json\/wp\/v2\/pages"}],"about":[{"href":"https:\/\/germinale.art\/2024\/wp-json\/wp\/v2\/types\/page"}],"author":[{"embeddable":true,"href":"https:\/\/germinale.art\/2024\/wp-json\/wp\/v2\/users\/1"}],"replies":[{"embeddable":true,"href":"https:\/\/germinale.art\/2024\/wp-json\/wp\/v2\/comments?post=21"}],"version-history":[{"count":6,"href":"https:\/\/germinale.art\/2024\/wp-json\/wp\/v2\/pages\/21\/revisions"}],"predecessor-version":[{"id":2916,"href":"https:\/\/germinale.art\/2024\/wp-json\/wp\/v2\/pages\/21\/revisions\/2916"}],"wp:attachment":[{"href":"https:\/\/germinale.art\/2024\/wp-json\/wp\/v2\/media?parent=21"}],"curies":[{"name":"wp","href":"https:\/\/api.w.org\/{rel}","templated":true}]}}